{"id":22012,"date":"2025-12-10T17:16:41","date_gmt":"2025-12-10T16:16:41","guid":{"rendered":"https:\/\/limage-et-le-livre.com\/?post_type=product&#038;p=22012"},"modified":"2025-12-10T17:17:15","modified_gmt":"2025-12-10T16:17:15","slug":"lettre-autographe-signee-de-francois-etienne-christophe-kellermann-au-general-desbureaux-datee-du-30-novembre-1806","status":"publish","type":"product","link":"https:\/\/limage-et-le-livre.com\/en\/manuscripts\/lettre-autographe-signee-de-francois-etienne-christophe-kellermann-au-general-desbureaux-datee-du-30-novembre-1806\/","title":{"rendered":"Lettre autographe sign\u00e9e de Fran\u00e7ois-\u00c9tienne-Christophe Kellermann..."},"content":{"rendered":"<p>Lettre autographe sign\u00e9e de Fran\u00e7ois-\u00c9tienne-Christophe Kellermann au G\u00e9n\u00e9ral Desbureaux, dat\u00e9e du 30 novembre 1806. Mayence, au Quartier G\u00e9n\u00e9ral, 1806 ; 23,5 x 19,4 cm, 1 pp., 1 feuillet. Lettre autographe sign\u00e9e de Fran\u00e7ois-Etienne-Christophe Kellermann (Strasbourg, 1735 &#8211; Paris, 1820), Mar\u00e9chal d&#8217;Empire, S\u00e9nateur, Commandant d\u2019arm\u00e9e, au G\u00e9n\u00e9ral Desbureaux, commandant la 5e division militaire \u00e0 Strasbourg, concernant l\u2019envoi d\u2019une colonne de prisonniers de guerre : &#8220;D\u00e8s que vous aurez l\u2019avis, G\u00e9n\u00e9ral, qu\u2019une colonne de prisonniers de guerre doit traverser le territoire de v\u00f4tre Division, vous m\u2019en pr\u00e9viendrez de suite. D\u2019apr\u00e8s l\u2019intention de l\u2019Empereur, je dois diriger promptement sur la Hollande &#8211; 6, 000 \u2013 de ces prisonniers (\u2026).<\/p>\n","protected":false},"excerpt":{"rendered":"<p>Lettre autographe sign\u00e9e de Fran\u00e7ois-\u00c9tienne-Christophe Kellermann au G\u00e9n\u00e9ral Desbureaux, dat\u00e9e du 30 novembre 1806. Mayence, au Quartier G\u00e9n\u00e9ral, 1806.<\/p>\n","protected":false},"featured_media":22000,"template":"","meta":[],"product_brand":[],"product_cat":[5151],"product_tag":[877,870,652,8571,10225,1270],"class_list":{"0":"post-22012","1":"product","2":"type-product","3":"status-publish","4":"has-post-thumbnail","6":"product_cat-manuscrits","7":"product_tag-alsace","8":"product_tag-alsatique","9":"product_tag-histoire","10":"product_tag-kellermann","11":"product_tag-napoleon-i","12":"product_tag-premier-empire","13":"product_shipping_class-cat-livraison-2","14":"pa_annee-de-publication-2668","15":"pa_etat-de-conservation-bon","16":"pa_langue-francais","17":"pa_signature-signe-par-lauteur","18":"pa_type-couverture-pas-de-couverture","20":"first","21":"instock","22":"shipping-taxable","23":"purchasable","24":"product-type-simple"},"_links":{"self":[{"href":"https:\/\/limage-et-le-livre.com\/en\/wp-json\/wp\/v2\/product\/22012","targetHints":{"allow":["GET"]}}],"collection":[{"href":"https:\/\/limage-et-le-livre.com\/en\/wp-json\/wp\/v2\/product"}],"about":[{"href":"https:\/\/limage-et-le-livre.com\/en\/wp-json\/wp\/v2\/types\/product"}],"version-history":[{"count":1,"href":"https:\/\/limage-et-le-livre.com\/en\/wp-json\/wp\/v2\/product\/22012\/revisions"}],"predecessor-version":[{"id":22013,"href":"https:\/\/limage-et-le-livre.com\/en\/wp-json\/wp\/v2\/product\/22012\/revisions\/22013"}],"wp:featuredmedia":[{"embeddable":true,"href":"https:\/\/limage-et-le-livre.com\/en\/wp-json\/wp\/v2\/media\/22000"}],"wp:attachment":[{"href":"https:\/\/limage-et-le-livre.com\/en\/wp-json\/wp\/v2\/media?parent=22012"}],"wp:term":[{"taxonomy":"product_brand","embeddable":true,"href":"https:\/\/limage-et-le-livre.com\/en\/wp-json\/wp\/v2\/product_brand?post=22012"},{"taxonomy":"product_cat","embeddable":true,"href":"https:\/\/limage-et-le-livre.com\/en\/wp-json\/wp\/v2\/product_cat?post=22012"},{"taxonomy":"product_tag","embeddable":true,"href":"https:\/\/limage-et-le-livre.com\/en\/wp-json\/wp\/v2\/product_tag?post=22012"}],"curies":[{"name":"wp","href":"https:\/\/api.w.org\/{rel}","templated":true}]}}