{"id":22116,"date":"2026-01-13T18:23:12","date_gmt":"2026-01-13T17:23:12","guid":{"rendered":"https:\/\/limage-et-le-livre.com\/?post_type=product&#038;p=22116"},"modified":"2026-03-12T16:07:21","modified_gmt":"2026-03-12T15:07:21","slug":"vue-des-trois-fontaines-a-versailles","status":"publish","type":"product","link":"https:\/\/limage-et-le-livre.com\/en\/varia-en\/vue-des-trois-fontaines-a-versailles\/","title":{"rendered":"Vue des trois fontaines \u00e0 Versailles"},"content":{"rendered":"<p>Vue des trois fontaines \u00e0 Versailles. Circa 1690. Adam et Gabriel PERELLE. Gravure sur cuivre. Belle \u00e9preuve sur verg\u00e9, avant la lettre. L\u00e9g\u00e8re t\u00e2che \u00e0 droite dans un groupe de deux personnages. Dimension au coup de planche : 21,8 cm x 30,5 cm. Dimension du feuillet 27,8 cm x 37,2 cm. Le bosquet des trois fontaines \u00e0 Versailles f\u00fbt cr\u00e9\u00e9 par Andr\u00e9 Le N\u00f4tre en 1677. Il s\u2019agit de fontaines rocailles dispos\u00e9es en terrasses gradu\u00e9es. La vue de cette gravure est en aplomb des bassins.<\/p>\n","protected":false},"excerpt":{"rendered":"<p>Vue des trois fontaines \u00e0 Versailles. Adam et Gabriel PERELLE. Circa 1690.<\/p>\n","protected":false},"featured_media":22103,"template":"","meta":[],"product_brand":[],"product_cat":[5223],"product_tag":[8602,10089,10260,9416,10087],"class_list":{"0":"post-22116","1":"product","2":"type-product","3":"status-publish","4":"has-post-thumbnail","6":"product_cat-varia","7":"product_tag-fontaine","8":"product_tag-jardin","9":"product_tag-le-notre","10":"product_tag-louis-xiv","11":"product_tag-versailles","12":"product_shipping_class-cat-livraison-3","13":"pa_annee-de-publication-10253","14":"pa_etat-de-conservation-bon","15":"pa_type-couverture-pas-de-couverture","17":"first","18":"instock","19":"shipping-taxable","20":"purchasable","21":"product-type-simple"},"_links":{"self":[{"href":"https:\/\/limage-et-le-livre.com\/en\/wp-json\/wp\/v2\/product\/22116","targetHints":{"allow":["GET"]}}],"collection":[{"href":"https:\/\/limage-et-le-livre.com\/en\/wp-json\/wp\/v2\/product"}],"about":[{"href":"https:\/\/limage-et-le-livre.com\/en\/wp-json\/wp\/v2\/types\/product"}],"version-history":[{"count":2,"href":"https:\/\/limage-et-le-livre.com\/en\/wp-json\/wp\/v2\/product\/22116\/revisions"}],"predecessor-version":[{"id":22118,"href":"https:\/\/limage-et-le-livre.com\/en\/wp-json\/wp\/v2\/product\/22116\/revisions\/22118"}],"wp:featuredmedia":[{"embeddable":true,"href":"https:\/\/limage-et-le-livre.com\/en\/wp-json\/wp\/v2\/media\/22103"}],"wp:attachment":[{"href":"https:\/\/limage-et-le-livre.com\/en\/wp-json\/wp\/v2\/media?parent=22116"}],"wp:term":[{"taxonomy":"product_brand","embeddable":true,"href":"https:\/\/limage-et-le-livre.com\/en\/wp-json\/wp\/v2\/product_brand?post=22116"},{"taxonomy":"product_cat","embeddable":true,"href":"https:\/\/limage-et-le-livre.com\/en\/wp-json\/wp\/v2\/product_cat?post=22116"},{"taxonomy":"product_tag","embeddable":true,"href":"https:\/\/limage-et-le-livre.com\/en\/wp-json\/wp\/v2\/product_tag?post=22116"}],"curies":[{"name":"wp","href":"https:\/\/api.w.org\/{rel}","templated":true}]}}