{"id":22509,"date":"2026-03-06T15:42:45","date_gmt":"2026-03-06T14:42:45","guid":{"rendered":"https:\/\/limage-et-le-livre.com\/non%20class\u00e9\/dissertations-sur-la-chaleur-avec-des-observations-nouvelles-sur-la-construction-et-la-comparaison-des-thermometres\/"},"modified":"2026-03-14T14:43:38","modified_gmt":"2026-03-14T13:43:38","slug":"dissertations-sur-la-chaleur-avec-des-observations-nouvelles-sur-la-construction-et-la-comparaison-des-thermometres","status":"publish","type":"product","link":"https:\/\/limage-et-le-livre.com\/en\/prints-and-engravings\/prints\/sciences-en\/dissertations-sur-la-chaleur-avec-des-observations-nouvelles-sur-la-construction-et-la-comparaison-des-thermometres\/","title":{"rendered":"Dissertations sur la Chaleur, avec des..."},"content":{"rendered":"<p><strong>Paris, Jean-Thomas H\u00e9rissant, 1751<\/strong><\/p>\n<p>in-12, Plein veau<\/p>\n<p>Nous proposons l&#8217;\u00e9dition originale de cet ouvrage publi\u00e9 1751.<\/p>\n<p>Par la suite d&#8217;autres tirages seront produits, en particulier en 1755.<\/p>\n<p>George MARTINE (Ecosse 1700 &#8211; 1741) , \u00e9tait un m\u00e9decin et physicien \u00e9cossais. Le pr\u00e9sent ouvrage est consacr\u00e9 \u00e0 la thermom\u00e9trie et \u00e0 l\u2019\u00e9tude exp\u00e9rimentale de la chaleur. Cette \u00e9dition originale rassemble ses recherches publi\u00e9es apr\u00e8s sa mort et sera largement reprise et diffus\u00e9e dans les compilations scientifiques du XVIII\u1d49 si\u00e8cle.<\/p>\n<p>Couverture plein veau, dos \u00e0 5 nerfs et 6 caissons \u00e0 fleurs dont pi\u00e8ce de titre rouge. 381 ff.<br \/>\nPar erreur de relieur il manque deux pages de la pr\u00e9face.<br \/>\nBon \u00e9tat g\u00e9n\u00e9ral, coins tr\u00e8s l\u00e9g\u00e8rement frott\u00e9s et petites \u00e9pidermures sans gravit\u00e9.\n<\/p>\n<p>Dimensions: 16 x 10,5 cm<\/p>\n<p>381 pages<\/p>\n<p><small>Le prix du port est calcule selon la destination et le poids du colis.<\/small><\/p>\n","protected":false},"excerpt":{"rendered":"<p>Edition originale de cet ouvrage publi\u00e9 1751.<br \/>\nOuvrage consacr\u00e9 \u00e0 la thermom\u00e9trie et \u00e0 l\u2019\u00e9tude exp\u00e9rimentale de la chaleur.<br \/>\nGeorge MARTINE (Ecosse 1700 &#8211; 1741) , \u00e9tait m\u00e9decin et physicien.<\/p>\n","protected":false},"featured_media":23246,"template":"","meta":[],"product_brand":[],"product_cat":[5114,5314],"product_tag":[768,644,9804,781],"class_list":{"0":"post-22509","1":"product","2":"type-product","3":"status-publish","4":"has-post-thumbnail","6":"product_cat-livres","7":"product_cat-sciences","8":"product_tag-edition-originale","9":"product_tag-medecine","10":"product_tag-physique","11":"product_tag-sciences","12":"pa_annee-de-publication-10413","13":"pa_dimension-in-12-2","14":"pa_editeur-jean-thomas-herissant","15":"pa_etat-de-conservation-bon","16":"pa_langue-francais","17":"pa_lieu-de-publication-paris","19":"first","20":"instock","21":"shipping-taxable","22":"purchasable","23":"product-type-simple"},"_links":{"self":[{"href":"https:\/\/limage-et-le-livre.com\/en\/wp-json\/wp\/v2\/product\/22509","targetHints":{"allow":["GET"]}}],"collection":[{"href":"https:\/\/limage-et-le-livre.com\/en\/wp-json\/wp\/v2\/product"}],"about":[{"href":"https:\/\/limage-et-le-livre.com\/en\/wp-json\/wp\/v2\/types\/product"}],"version-history":[{"count":1,"href":"https:\/\/limage-et-le-livre.com\/en\/wp-json\/wp\/v2\/product\/22509\/revisions"}],"predecessor-version":[{"id":23276,"href":"https:\/\/limage-et-le-livre.com\/en\/wp-json\/wp\/v2\/product\/22509\/revisions\/23276"}],"wp:featuredmedia":[{"embeddable":true,"href":"https:\/\/limage-et-le-livre.com\/en\/wp-json\/wp\/v2\/media\/23246"}],"wp:attachment":[{"href":"https:\/\/limage-et-le-livre.com\/en\/wp-json\/wp\/v2\/media?parent=22509"}],"wp:term":[{"taxonomy":"product_brand","embeddable":true,"href":"https:\/\/limage-et-le-livre.com\/en\/wp-json\/wp\/v2\/product_brand?post=22509"},{"taxonomy":"product_cat","embeddable":true,"href":"https:\/\/limage-et-le-livre.com\/en\/wp-json\/wp\/v2\/product_cat?post=22509"},{"taxonomy":"product_tag","embeddable":true,"href":"https:\/\/limage-et-le-livre.com\/en\/wp-json\/wp\/v2\/product_tag?post=22509"}],"curies":[{"name":"wp","href":"https:\/\/api.w.org\/{rel}","templated":true}]}}