{"id":22729,"date":"2026-03-09T12:57:32","date_gmt":"2026-03-09T11:57:32","guid":{"rendered":"https:\/\/limage-et-le-livre.com\/non%20class\u00e9\/les-principes-de-la-morale-et-du-gout-en-deux-poemes\/"},"modified":"2026-03-14T14:40:47","modified_gmt":"2026-03-14T13:40:47","slug":"les-principes-de-la-morale-et-du-gout-en-deux-poemes","status":"publish","type":"product","link":"https:\/\/limage-et-le-livre.com\/en\/books\/literature\/les-principes-de-la-morale-et-du-gout-en-deux-poemes\/","title":{"rendered":"Les Principes de la Morale et..."},"content":{"rendered":"<p><strong>Paris, Chez Briasson, 1737<\/strong><\/p>\n<p>in-8, plein veau<\/p>\n<p>Pope (Alexander, 1688\u20131744)<\/p>\n<p>Les Principes de la morale et du go\u00fbt : en deux po\u00ebmes. Traduits de l\u2019anglais par Jean\u2011Fran\u00e7ois Du Bellay Du Resnel. <\/p>\n<p>Paris, Briasson, 1737, in\u20118, XLIX\u2011243 pp. 7 ff.<br \/>\nReliure plein veau.<br \/>\nRares traces de rousseurs en page de titre et int\u00e9rieur frais sans rousseur.<\/p>\n<p>Premi\u00e8re \u00e9dition fran\u00e7aise.<br \/>\nTraduit par M. Du Bellay Du Resnel, l&#8217;ouvrage pr\u00e9sente les deux po\u00e8mes philosophiques de Pope sur la morale humaine et le go\u00fbt esth\u00e9tique.<br \/>\n\u0152uvre didactique et spirituelle qui aborde la raison, l\u2019\u00e9quilibre moral et le jugement esth\u00e9tique.<\/p>\n<p>\u00c9dition originale fran\u00e7aise de ce recueil majeur de po\u00e9sie morale et philosophique, t\u00e9moin de la diffusion des id\u00e9es de Pope en France au XVIII\u1d49 si\u00e8cle.<\/p>\n<p>Alexander Pope (1688\u20131744), po\u00e8te anglais majeur du XVIII\u1d49 si\u00e8cle, c\u00e9l\u00e8bre pour ses po\u00e8mes philosophiques et son Essai sur l\u2019homme, est reconnu pour l\u2019alliance de l\u2019esprit, de l\u2019argumentation morale et de la ma\u00eetrise formelle du vers.<br \/>\nJean\u2011Fran\u00e7ois Du Bellay Du Resnel (1675\u20131745), eccl\u00e9siastique et traducteur fran\u00e7ais, contribue \u00e0 faire conna\u00eetre la litt\u00e9rature anglaise en France et adapte les po\u00e8mes de Pope en vers fran\u00e7ais, fid\u00e8le \u00e0 leur esprit philosophique et didactique.<\/p>\n<p><em>Etat: Quelques frottements, coins l\u00e9g\u00e8rement us\u00e9s, int\u00e9rieur en bon \u00e9tat.<\/em><\/p>\n<p>Dimensions: 20 x 13,5 cm<\/p>\n<p><small>Le prix du port est calcule selon la destination et le poids du colis.<\/small><\/p>\n","protected":false},"excerpt":{"rendered":"<p>Pope (Alexander, 1688\u20131744)<br \/>\nLes Principes de la morale et du go\u00fbt : en deux po\u00ebmes.<br \/>\n\u00c9dition originale fran\u00e7aise de ce recueil majeur de po\u00e9sie morale et philosophique.<\/p>\n","protected":false},"featured_media":23190,"template":"","meta":[],"product_brand":[],"product_cat":[5123,5114,10364],"product_tag":[10366,899,10365,700,699],"class_list":{"0":"post-22729","1":"product","2":"type-product","3":"status-publish","4":"has-post-thumbnail","6":"product_cat-litterature","7":"product_cat-livres","8":"product_cat-philosophie","9":"product_tag-gout","10":"product_tag-litterature","11":"product_tag-morale","12":"product_tag-philosophie","13":"product_tag-poesie","14":"pa_annee-de-publication-10279","15":"pa_dimension-in-8-2","16":"pa_editeur-chez-briasson","17":"pa_etat-de-conservation-bon","18":"pa_langue-francais","19":"pa_lieu-de-publication-paris","20":"pa_type-couverture-veau","22":"first","23":"instock","24":"shipping-taxable","25":"purchasable","26":"product-type-simple"},"_links":{"self":[{"href":"https:\/\/limage-et-le-livre.com\/en\/wp-json\/wp\/v2\/product\/22729","targetHints":{"allow":["GET"]}}],"collection":[{"href":"https:\/\/limage-et-le-livre.com\/en\/wp-json\/wp\/v2\/product"}],"about":[{"href":"https:\/\/limage-et-le-livre.com\/en\/wp-json\/wp\/v2\/types\/product"}],"version-history":[{"count":2,"href":"https:\/\/limage-et-le-livre.com\/en\/wp-json\/wp\/v2\/product\/22729\/revisions"}],"predecessor-version":[{"id":23027,"href":"https:\/\/limage-et-le-livre.com\/en\/wp-json\/wp\/v2\/product\/22729\/revisions\/23027"}],"wp:featuredmedia":[{"embeddable":true,"href":"https:\/\/limage-et-le-livre.com\/en\/wp-json\/wp\/v2\/media\/23190"}],"wp:attachment":[{"href":"https:\/\/limage-et-le-livre.com\/en\/wp-json\/wp\/v2\/media?parent=22729"}],"wp:term":[{"taxonomy":"product_brand","embeddable":true,"href":"https:\/\/limage-et-le-livre.com\/en\/wp-json\/wp\/v2\/product_brand?post=22729"},{"taxonomy":"product_cat","embeddable":true,"href":"https:\/\/limage-et-le-livre.com\/en\/wp-json\/wp\/v2\/product_cat?post=22729"},{"taxonomy":"product_tag","embeddable":true,"href":"https:\/\/limage-et-le-livre.com\/en\/wp-json\/wp\/v2\/product_tag?post=22729"}],"curies":[{"name":"wp","href":"https:\/\/api.w.org\/{rel}","templated":true}]}}