{"id":22899,"date":"2026-03-12T12:12:05","date_gmt":"2026-03-12T11:12:05","guid":{"rendered":"https:\/\/limage-et-le-livre.com\/non%20class\u00e9\/histoire-du-prince-ragotzi-ou-la-guerre-des-mecontents-sous-son-commandement\/"},"modified":"2026-03-14T14:39:24","modified_gmt":"2026-03-14T13:39:24","slug":"histoire-du-prince-ragotzi-ou-la-guerre-des-mecontents-sous-son-commandement","status":"publish","type":"product","link":"https:\/\/limage-et-le-livre.com\/en\/books\/history\/histoire-du-prince-ragotzi-ou-la-guerre-des-mecontents-sous-son-commandement\/","title":{"rendered":"Histoire du prince Ragotzi, ou la..."},"content":{"rendered":"<p><strong>Cassovie, 1707<\/strong><\/p>\n<p>in-12<\/p>\n<p>LE NOBLE, Eustache (attribu\u00e9).<\/p>\n<p>Histoire du prince Ragotzi, ou la guerre des m\u00e9contents sous son commandement.<\/p>\n<p>\u00c0 Cassovie, chez Fran\u00e7ois Lancelot, 1707.<\/p>\n<p>In-12, 346 pp., frontispice grav\u00e9 repr\u00e9sentant le prince Ragotzi. Reliure d\u2019\u00e9poque en basane brune, dos \u00e0 nerfs orn\u00e9, pi\u00e8ce de titre. T\u00e2ches d&#8217;humidit\u00e9 dans la seconde moiti\u00e9 de la partie droite inf\u00e9rieure de l&#8217;ouvrage, n&#8217;alt\u00e9rant pas le texte. Restauration ancienne du plat inf\u00e9rieur.<\/p>\n<p>\u00c9dition originale, rare, consacr\u00e9e \u00e0 la r\u00e9volte hongroise men\u00e9e par le prince Fran\u00e7ois II R\u00e1k\u00f3czi (Vo\u00efvode de Transylvanie) contre la domination des Habsbourg au d\u00e9but du XVIII\u1d49 si\u00e8cle.<br \/>\nL\u2019ouvrage est g\u00e9n\u00e9ralement attribu\u00e9 \u00e0 Eustache Le Noble, \u00e9crivain et pol\u00e9miste fran\u00e7ais proche des milieux favorables \u00e0 la politique de Louis XIV.<br \/>\nPubli\u00e9 en pleine guerre d\u2019ind\u00e9pendance hongroise (1703-1711), le livre retrace les origines de l\u2019insurrection des \u00ab m\u00e9contents \u00bb (Kuruc), la jeunesse et l\u2019ascension du prince Ragotzi, ainsi que les premi\u00e8res campagnes militaires contre les troupes imp\u00e9riales. Le r\u00e9cit m\u00eale informations historiques, consid\u00e9rations politiques et \u00e9l\u00e9ments de propagande favorables au chef insurg\u00e9.<\/p>\n<p>L\u2019adresse d&#8217;\u00e9dition \u00ab \u00c0 Cassovie \u00bb (ancienne appellation fran\u00e7aise de Ko\u0161ice) est tr\u00e8s probablement fictive, pratique courante dans l\u2019\u00e9dition politique du temps ; l\u2019impression est plus vraisemblablement parisienne ou hollandaise.<\/p>\n<p>Cet ouvrage constitue l\u2019une des premi\u00e8res biographies imprim\u00e9es du prince Ragotzi et un t\u00e9moignage contemporain de la perception occidentale de la guerre d\u2019ind\u00e9pendance hongroise. Ouvrage recherch\u00e9s pour l\u2019histoire de l\u2019Europe centrale et de la diplomatie fran\u00e7aise sous Louis XIV.<br \/>\nRare.<\/p>\n<p><em>Etat: Taches d&#8217;humidit\u00e9 dans le seconde moiti\u00e9 de la partie droite inf\u00e9rieure de l&#8217;ouvrage, n&#8217;alt\u00e9rant pas le texte. Restauration ancienne du plat inf\u00e9rieur.<\/em><\/p>\n<p>Dimensions: 15 x 9 cm<\/p>\n<p><small>Le prix du port est calcule selon la destination et le poids du colis.<\/small><\/p>\n","protected":false},"excerpt":{"rendered":"<p>R\u00e9cit contemporain de la r\u00e9volte men\u00e9e par le prince R\u00e1k\u00f3czi contre les Habsbourg. \u00c9dition de 1707 \u00e0 l\u2019adresse fictive de Cassovie, recherch\u00e9e comme l\u2019un des premiers t\u00e9moignages imprim\u00e9s sur l\u2019insurrection hongroise.<\/p>\n","protected":false},"featured_media":23166,"template":"","meta":[],"product_brand":[],"product_cat":[5128,5114],"product_tag":[10380,1258,9389,10379,10381,8950],"class_list":{"0":"post-22899","1":"product","2":"type-product","3":"status-publish","4":"has-post-thumbnail","6":"product_cat-histoire","7":"product_cat-livres","8":"product_tag-guerre-des-mecontents","9":"product_tag-habsbourg","10":"product_tag-hongrie","11":"product_tag-ragotzi","12":"product_tag-rakoczi","13":"product_tag-transylvanie","14":"pa_annee-de-publication-10385","15":"pa_dimension-in-12-2","16":"pa_etat-de-conservation-bon","17":"pa_langue-francais","18":"pa_lieu-de-publication-cassovie","20":"first","21":"instock","22":"shipping-taxable","23":"purchasable","24":"product-type-simple"},"_links":{"self":[{"href":"https:\/\/limage-et-le-livre.com\/en\/wp-json\/wp\/v2\/product\/22899","targetHints":{"allow":["GET"]}}],"collection":[{"href":"https:\/\/limage-et-le-livre.com\/en\/wp-json\/wp\/v2\/product"}],"about":[{"href":"https:\/\/limage-et-le-livre.com\/en\/wp-json\/wp\/v2\/types\/product"}],"version-history":[{"count":2,"href":"https:\/\/limage-et-le-livre.com\/en\/wp-json\/wp\/v2\/product\/22899\/revisions"}],"predecessor-version":[{"id":22984,"href":"https:\/\/limage-et-le-livre.com\/en\/wp-json\/wp\/v2\/product\/22899\/revisions\/22984"}],"wp:featuredmedia":[{"embeddable":true,"href":"https:\/\/limage-et-le-livre.com\/en\/wp-json\/wp\/v2\/media\/23166"}],"wp:attachment":[{"href":"https:\/\/limage-et-le-livre.com\/en\/wp-json\/wp\/v2\/media?parent=22899"}],"wp:term":[{"taxonomy":"product_brand","embeddable":true,"href":"https:\/\/limage-et-le-livre.com\/en\/wp-json\/wp\/v2\/product_brand?post=22899"},{"taxonomy":"product_cat","embeddable":true,"href":"https:\/\/limage-et-le-livre.com\/en\/wp-json\/wp\/v2\/product_cat?post=22899"},{"taxonomy":"product_tag","embeddable":true,"href":"https:\/\/limage-et-le-livre.com\/en\/wp-json\/wp\/v2\/product_tag?post=22899"}],"curies":[{"name":"wp","href":"https:\/\/api.w.org\/{rel}","templated":true}]}}