{"id":22955,"date":"2026-03-12T15:13:36","date_gmt":"2026-03-12T14:13:36","guid":{"rendered":"https:\/\/limage-et-le-livre.com\/non%20class\u00e9\/le-manuel-des-amphitryons-au-debut-du-xx-siecle\/"},"modified":"2026-03-20T14:37:05","modified_gmt":"2026-03-20T13:37:05","slug":"le-manuel-des-amphitryons-au-debut-du-xx-siecle","status":"publish","type":"product","link":"https:\/\/limage-et-le-livre.com\/en\/books\/le-manuel-des-amphitryons-au-debut-du-xx-siecle\/","title":{"rendered":"Le Manuel des Amphitryons au d\u00e9but..."},"content":{"rendered":"<p><strong>Chez l&#8217;auteur, Strasbourg, Auguste MICHEL, 1904<\/strong><\/p>\n<p>in-8<\/p>\n<p>Michel (Auguste)<\/p>\n<p>Manuel des Amphitryons au d\u00e9but du XX\u00e8me si\u00e8cle \u2013 Petit trait\u00e9 th\u00e9orique et pratique (\u2026) suivi de cent soixante recettes \u00e0 l&#8217;usage des Amateurs du v\u00e9ritable P\u00e2t\u00e9 de foie gras de Strasbourg.<\/p>\n<p>Paris &#8211; Strasbourg, Aux bureaux de l\u2019Art Culinaire \u2013 chez l\u2019Auteur, 1904, in-8, broch\u00e9 de X + 171 + 2 ff.n.ch. (faux titres) + 6 ff.n.ch. (feuillets publicitaires) + 139 pp.<br \/>\nRestauration au dos et \u00e0 l\u2019angle inf\u00e9rieur du plat sup\u00e9rieur.<br \/>\nDeuxi\u00e8me \u00e9dition. Couverture illustr\u00e9e par Fran\u00e7ois Laskowski. Agr\u00e9ment\u00e9 de 56 gravures et dessins dans le texte.<\/p>\n<p>Ex-libris d\u2019Eug\u00e8ne Braun, orf\u00e8vre strasbourgeois (1867 \u2013 1955).<\/p>\n<p>Bel ouvrage de gastronomie et d\u2019art de la table par Auguste Michel (1859-1909), fabricant de p\u00e2t\u00e9s de foie gras \u00e0 Schiltigheim pr\u00e8s de Strasbourg. Trait\u00e9 sur l\u2019art de recevoir suivi de 160 recettes consacr\u00e9es au foie gras de Strasbourg, illustr\u00e9 de 56 gravures dans le texte. T\u00e9moignage de la tradition gastronomique alsacienne au d\u00e9but du XX\u1d49 si\u00e8cle.<\/p>\n<p>Dimensions: 19,8 x 13,5 cm<\/p>\n<p><small>Le prix du port est calcule selon la destination et le poids du colis.<\/small><\/p>\n","protected":false},"excerpt":{"rendered":"<p>Michel (Auguste).<br \/>\n1904.<br \/>\nManuel des Amphitryons au d\u00e9but du XX\u00e8me si\u00e8cle&#8230; Bel ouvrage de gastronomie et d\u2019art de la table par A. Michel fabricant de p\u00e2t\u00e9s de foie gras \u00e0 Schiltigheim.<\/p>\n","protected":false},"featured_media":23244,"template":"","meta":[],"product_brand":[],"product_cat":[5114],"product_tag":[877,9261,873],"class_list":{"0":"post-22955","1":"product","2":"type-product","3":"status-publish","4":"has-post-thumbnail","6":"product_cat-livres","7":"product_tag-alsace","8":"product_tag-foie-gras","9":"product_tag-gastronomie","10":"pa_annee-de-publication-10416","11":"pa_dimension-in-8-2","12":"pa_editeur-auguste-michel","13":"pa_etat-de-conservation-bon","14":"pa_langue-francais","15":"pa_lieu-de-publication-chez-lauteur-strasbourg","16":"pa_type-couverture-broche","18":"first","19":"outofstock","20":"shipping-taxable","21":"purchasable","22":"product-type-simple"},"_links":{"self":[{"href":"https:\/\/limage-et-le-livre.com\/en\/wp-json\/wp\/v2\/product\/22955","targetHints":{"allow":["GET"]}}],"collection":[{"href":"https:\/\/limage-et-le-livre.com\/en\/wp-json\/wp\/v2\/product"}],"about":[{"href":"https:\/\/limage-et-le-livre.com\/en\/wp-json\/wp\/v2\/types\/product"}],"version-history":[{"count":1,"href":"https:\/\/limage-et-le-livre.com\/en\/wp-json\/wp\/v2\/product\/22955\/revisions"}],"predecessor-version":[{"id":23284,"href":"https:\/\/limage-et-le-livre.com\/en\/wp-json\/wp\/v2\/product\/22955\/revisions\/23284"}],"wp:featuredmedia":[{"embeddable":true,"href":"https:\/\/limage-et-le-livre.com\/en\/wp-json\/wp\/v2\/media\/23244"}],"wp:attachment":[{"href":"https:\/\/limage-et-le-livre.com\/en\/wp-json\/wp\/v2\/media?parent=22955"}],"wp:term":[{"taxonomy":"product_brand","embeddable":true,"href":"https:\/\/limage-et-le-livre.com\/en\/wp-json\/wp\/v2\/product_brand?post=22955"},{"taxonomy":"product_cat","embeddable":true,"href":"https:\/\/limage-et-le-livre.com\/en\/wp-json\/wp\/v2\/product_cat?post=22955"},{"taxonomy":"product_tag","embeddable":true,"href":"https:\/\/limage-et-le-livre.com\/en\/wp-json\/wp\/v2\/product_tag?post=22955"}],"curies":[{"name":"wp","href":"https:\/\/api.w.org\/{rel}","templated":true}]}}