{"id":24883,"date":"2026-04-29T16:47:58","date_gmt":"2026-04-29T14:47:58","guid":{"rendered":"https:\/\/limage-et-le-livre.com\/non class\u00e9\/carnet-de-dessins-et-croquis-darchitecture\/"},"modified":"2026-04-29T16:47:58","modified_gmt":"2026-04-29T14:47:58","slug":"carnet-de-dessins-et-croquis-darchitecture","status":"publish","type":"product","link":"https:\/\/limage-et-le-livre.com\/en\/books\/fine-arts\/architecture-en\/carnet-de-dessins-et-croquis-darchitecture\/","title":{"rendered":"Carnet de dessins et croquis d&#8217;architecture."},"content":{"rendered":"<p>Carnet d&#8217;\u00e9tudes, de dessins et croquis d&#8217;architecture.<\/p>\n<p>Emile Wolf, architecte \u00e0 Strasbourg.<\/p>\n<p>Crayon et plume.<\/p>\n<p>1895-1905.<\/p>\n<p>Dimension: 16,5 x 25,5 cm.<br \/>\nCarnet \u00e0 dessins entoil\u00e9 de 23 feuilles, dont 25 pages dessin\u00e9es ou esquiss\u00e9es.<br \/>\n5 dessins ou croquis sont sign\u00e9s, 9 sont dat\u00e9s.<br \/>\n6 pages ont \u00e9t\u00e9 enlev\u00e9es.<\/p>\n<p>Les dessins pr\u00e9sentent, \u00e0 Strasbourg, l&#8217;entr\u00e9e arri\u00e8re du Palais des Rohan, la Villa Gerhardt, la place Benjamin Six, le vieil H\u00f4pital.<br \/>\nPuis le carnet dresse des croquis faits \u00e0 Mayence, Karlsruhe et Stuttgart, ainsi que 4 portraits.<\/p>\n<p>\u00c9mile Wolf (1874 &#8211; ?) est un architecte alsacien Strasbourgeois, sous l\u2019Empire allemand.<br \/>\nIl est form\u00e9 \u00e0 l\u2019architecture acad\u00e9mique germanique de la fin du XIXe si\u00e8cle.<br \/>\nCe carnet de dessins et croquis est r\u00e9alis\u00e9 alors que Wolf a une vingtaine d&#8217;ann\u00e9e, donc certainement pendant sa formation d&#8217;architecte.<br \/>\nSon activit\u00e9 professionnelle structur\u00e9e d\u00e9bute au d\u00e9but du XXe si\u00e8cle, lorsqu\u2019il s\u2019associe avec David Falk au sein de l\u2019agence Falk &amp; Wolf.<br \/>\nEnsemble, ils participent activement \u00e0 la transformation urbaine de Strasbourg durant la p\u00e9riode imp\u00e9riale, en produisant principalement des immeubles bourgeois caract\u00e9ristiques de la Neustadt.<br \/>\nLeur production s\u2019inscrit pleinement dans ce vaste programme urbanistique lanc\u00e9 apr\u00e8s 1871, marqu\u00e9 par l\u2019\u00e9clectisme et les d\u00e9buts de l\u2019Art nouveau local, avec des r\u00e9alisations dans des secteurs importants comme le boulevard de la Victoire, la place de Bordeaux ou encore l\u2019avenue des Vosges.<br \/>\nApr\u00e8s la Premi\u00e8re Guerre mondiale, la collaboration Falk &amp; Wolf cesse et \u00c9mile Wolf poursuit son activit\u00e9 de mani\u00e8re ind\u00e9pendante.\n<\/p>\n<p><small>Le prix du port est calcule selon la destination et le poids du colis.<\/small><\/p>\n","protected":false},"excerpt":{"rendered":"<p>Carnet d&#8217;\u00e9tude, de dessins et croquis d&#8217;architecture.<\/p>\n<p>Emile Wolf, architecte \u00e0 Strasbourg.<\/p>\n<p>Il participe \u00e0 la transformation Strasbourg durant la p\u00e9riode imp\u00e9riale, en produisant principalement des immeubles caract\u00e9ristiques de la Neustadt. <\/p>\n","protected":false},"featured_media":24829,"template":"","meta":[],"product_brand":[],"product_cat":[5241,5156,10531,5114],"product_tag":[829,8809,10534,10532,9792,2350,10533],"class_list":{"0":"post-24883","1":"product","2":"type-product","3":"status-publish","4":"has-post-thumbnail","6":"product_cat-architecture","7":"product_cat-dessins-et-aquarelles","8":"product_cat-etudes","9":"product_cat-livres","10":"product_tag-architecture","11":"product_tag-art-nouveau","12":"product_tag-heidelberg","13":"product_tag-karlsruhe","14":"product_tag-neustadt","15":"product_tag-strasbourg","16":"product_tag-stuttgart","17":"pa_etat-de-conservation-assez-bon","18":"pa_langue-francais","20":"first","21":"instock","22":"shipping-taxable","23":"purchasable","24":"product-type-simple"},"_links":{"self":[{"href":"https:\/\/limage-et-le-livre.com\/en\/wp-json\/wp\/v2\/product\/24883","targetHints":{"allow":["GET"]}}],"collection":[{"href":"https:\/\/limage-et-le-livre.com\/en\/wp-json\/wp\/v2\/product"}],"about":[{"href":"https:\/\/limage-et-le-livre.com\/en\/wp-json\/wp\/v2\/types\/product"}],"version-history":[{"count":0,"href":"https:\/\/limage-et-le-livre.com\/en\/wp-json\/wp\/v2\/product\/24883\/revisions"}],"wp:featuredmedia":[{"embeddable":true,"href":"https:\/\/limage-et-le-livre.com\/en\/wp-json\/wp\/v2\/media\/24829"}],"wp:attachment":[{"href":"https:\/\/limage-et-le-livre.com\/en\/wp-json\/wp\/v2\/media?parent=24883"}],"wp:term":[{"taxonomy":"product_brand","embeddable":true,"href":"https:\/\/limage-et-le-livre.com\/en\/wp-json\/wp\/v2\/product_brand?post=24883"},{"taxonomy":"product_cat","embeddable":true,"href":"https:\/\/limage-et-le-livre.com\/en\/wp-json\/wp\/v2\/product_cat?post=24883"},{"taxonomy":"product_tag","embeddable":true,"href":"https:\/\/limage-et-le-livre.com\/en\/wp-json\/wp\/v2\/product_tag?post=24883"}],"curies":[{"name":"wp","href":"https:\/\/api.w.org\/{rel}","templated":true}]}}